{"id":2528,"date":"2020-10-15T08:01:37","date_gmt":"2020-10-15T11:01:37","guid":{"rendered":"http:\/\/www.adiar.com.ar\/?page_id=2528"},"modified":"2021-04-29T12:44:25","modified_gmt":"2021-04-29T15:44:25","slug":"comisiones-de-estudio","status":"publish","type":"page","link":"https:\/\/www.adiar.com.ar\/index.php\/actividades-academicas\/comisiones-de-estudio\/","title":{"rendered":"COMISIONES DE ESTUDIO"},"content":{"rendered":"<p><b>Las comisiones de estudio son espacios en los cuales se abordan con mayor profundidad tem\u00e1ticas espec\u00edficas.<\/b><\/p>\n<p>El funcionamiento de las comisiones se encuentra regulado en el <a href=\"http:\/\/www.adiar.com.ar\/index.php\/2020\/10\/15\/reglamento-de-comisiones-de-estudio\/\">Reglamento de comisiones de estudio<\/a>.<\/p>\n<p>&nbsp;<\/p>\n<p><iframe loading=\"lazy\" src=\"https:\/\/www.youtube.com\/embed\/TGRzCf6SvV0?start=58\" width=\"560\" height=\"315\" frameborder=\"0\" allowfullscreen=\"allowfullscreen\"><\/iframe><\/p>\n<p>&nbsp;<\/p>\n<p><strong><a href=\"https:\/\/forms.gle\/DXGoxcjQPB2EDd5U9\">Formulario de inscripci\u00f3n<\/a> (por \u00fanica vez en el a\u00f1o)<\/strong><\/p>\n<p>&nbsp;<\/p>\n<p>Las comisiones actualmente en actividad son las siguientes:<\/p>\n<table>\n<tbody>\n<tr>\n<td>\n<h2><span style=\"font-size: 16px; font-weight: 400;\">GOBERNANZA DE INTERNET<\/span><\/h2>\n<p><span style=\"font-weight: 400;\">Coordinador:<br \/>\nAbog. Carlos D. Aguirre<\/span><\/p>\n<p>D\u00eda y hora de reuni\u00f3n: 3er jueves de cada mes a las 15hs<\/p>\n<p><span style=\"font-family: Times New Roman, serif;\"><span style=\"font-size: medium;\"><span style=\"color: #333333;\"><span style=\"font-family: Arial, serif;\">La Cumbre de la Sociedad de la Informaci\u00f3n de 2005 en T\u00fanez, la defini\u00f3 por consenso como:<\/span><\/span><\/span><\/span><\/p>\n<p><span style=\"color: #333333;\">\u201c<span style=\"font-family: Times New Roman, serif;\"><span style=\"font-size: medium;\"><span style=\"font-family: Arial, serif;\">Es el desarrollo y la aplicaci\u00f3n por parte de los gobiernos, el sector privado y la sociedad civil, en sus respectivos roles, de principios, normas, reglas, procedimientos de toma de decisiones y programas comunes que dan forma a la evoluci\u00f3n y utilizaci\u00f3n de Internet.\u201d<\/span><\/span><\/span><\/span><\/p>\n<p><span style=\"font-family: Times New Roman, serif;\"><span style=\"font-size: medium;\"><span style=\"color: #333333;\"><span style=\"font-family: Arial, serif;\">El t\u00e9rmino\u00a0<\/span><\/span><span style=\"color: #333333;\"><span style=\"font-family: Arial, serif;\">\u201cGobernanza\u201d<\/span><\/span><span style=\"color: #333333;\"><span style=\"font-family: Arial, serif;\">, muchas veces es utilizado err\u00f3neamente y traducido como<\/span><\/span><span style=\"color: #333333;\"><span style=\"font-family: Arial, serif;\">\u00a0\u201cGobierno\u201d<\/span><\/span><span style=\"color: #333333;\"><span style=\"font-family: Arial, serif;\">, implicando la participaci\u00f3n \u00fanica del sector p\u00fablico en las decisiones sobre c\u00f3mo debe funcionar Internet. As\u00ed, se acord\u00f3 traducirlo como\u00a0<\/span><\/span><span style=\"color: #333333;\"><span style=\"font-family: Arial, serif;\">\u201cGobernanza de Internet\u201d<\/span><\/span><span style=\"color: #333333;\"><span style=\"font-family: Arial, serif;\">\u00a0en lugar de\u00a0<\/span><\/span><span style=\"color: #333333;\"><span style=\"font-family: Arial, serif;\">\u201cgobierno\u201d<\/span><\/span><span style=\"color: #333333;\"><span style=\"font-family: Arial, serif;\">\u00a0para desvincular al concepto con las funciones gubernamentales. Hay una distinci\u00f3n entre ambos conceptos, el t\u00e9rmino\u00a0<\/span><\/span><span style=\"color: #333333;\"><span style=\"font-family: Arial, serif;\">\u201cgobierno\u201d<\/span><\/span><span style=\"color: #333333;\"><span style=\"font-family: Arial, serif;\">\u00a0posee una estructura vertical y burocr\u00e1tica de direcci\u00f3n, s\u00f3lo participa un actor que es el Estado, las decisiones se toman de acuerdo a su sistema de gobierno y, debido a ello, los procedimientos se llevan a cabo de \u201carriba hacia abajo\u201d. En cambio, el concepto\u00a0<\/span><\/span><span style=\"color: #333333;\"><span style=\"font-family: Arial, serif;\">\u201cgobernanza\u201d<\/span><\/span><span style=\"color: #333333;\"><span style=\"font-family: Arial, serif;\">, posee una estructura horizontal y transversal, la participaci\u00f3n est\u00e1 compuesta por m\u00faltiples actores interesados (<\/span><\/span><span style=\"color: #333333;\"><span style=\"font-family: Arial, serif;\">multistakeholder<\/span><\/span><span style=\"color: #333333;\"><span style=\"font-family: Arial, serif;\">) y las decisiones se toman basadas en el consenso, dando lugar a que estos procesos sean de \u201cabajo hacia arriba\u201d (<\/span><\/span><span style=\"color: #333333;\"><span style=\"font-family: Arial, serif;\">bottom-up<\/span><\/span><span style=\"color: #333333;\"><span style=\"font-family: Arial, serif;\">).<\/span><\/span><\/span><\/span><\/p>\n<p><span style=\"font-family: Times New Roman, serif;\"><span style=\"font-size: medium;\"><span style=\"color: #333333;\"><span style=\"font-family: Arial, serif;\">\u00bfQui\u00e9n \u201cgobierna\u201d Internet? : cinco sectores son los que participan en la Gobernanza de Internet bajo lo que se conoce como el modelo <\/span><\/span><span style=\"color: #333333;\"><span style=\"font-family: Arial, serif;\">Multistakeholder<\/span><\/span><span style=\"color: #333333;\"><span style=\"font-family: Arial, serif;\">\u00a0<\/span><\/span><span style=\"color: #333333;\"><span style=\"font-family: Arial, serif;\">o de M\u00faltiples Partes Interesadas. Estos son la comunidad t\u00e9cnica, el sector privado conformado por empresas, los gobiernos, la sociedad civil que representa a todos los ciudadanos y la academia, integrada por las universidades. <\/span><\/span><\/span><\/span><\/p>\n<p><span style=\"font-family: Times New Roman, serif;\"><span style=\"font-size: medium;\"><span style=\"color: #333333;\"><span style=\"font-family: Arial, serif;\">A nivel nacional, regional y global, estos sectores que conforman lo que se conoce como el Ecosistema de Internet conviven de manera org\u00e1nica y representan a los diversos grupos de inter\u00e9s de la comunidad en\u00a0general. Gran parte de lo que hacen los actores es debatir, dialogar y buscar consensos que luego pueden tomar la forma de recomendaciones, declaraciones de principios, programas, entre otros.<\/span><\/span><\/span><\/span><\/p>\n<p><span style=\"font-family: Times New Roman, serif;\"><span style=\"font-size: medium;\"><span style=\"color: #333333;\"><span style=\"font-family: Arial, serif;\">En la Gobernanza de Internet se tienen en cuenta diversos aspectos que hacen al desarrollo de la red: tecnolog\u00eda, aspectos socioecon\u00f3micos, desarrollo, legislaci\u00f3n y pol\u00edticas. Para abordar y debatir sobre todas estas cuestiones, se realizan talleres, foros, reuniones y eventos en los que se busca la participaci\u00f3n de los distintos sectores que desde sus disciplinas e intereses, colocan sus puntos de vista sobre la mesa. <\/span><\/span><\/span><\/span><\/p>\n<p><span style=\"font-family: Times New Roman, serif;\"><span style=\"font-size: medium;\"><span style=\"color: #333333;\"><span style=\"font-family: Arial, serif;\">La idea de la Comisi\u00f3n es trabajar estos t\u00f3picos y poder llevar Nuestras conclusiones a los distintos foros de debate.<\/span><\/span><\/span><\/span><\/p>\n<p>&nbsp;<\/p>\n<p><span style=\"color: #333333;\"><a href=\"https:\/\/forms.gle\/DXGoxcjQPB2EDd5U9\">Formulario de inscripci\u00f3n<\/a> (por \u00fanica vez en el a\u00f1o)<\/span><\/td>\n<\/tr>\n<tr>\n<td>\n<h2><span style=\"font-size: 16px; font-weight: 400;\">DERECHOS HUMANOS EN LA ERA DIGITAL<\/span><\/h2>\n<p>Coordinadora:\u00a0Abog. Mg. B\u00e1rbara V. Pe\u00f1aloza<\/p>\n<p>D\u00eda y hora de reuni\u00f3n:<\/p>\n<p style=\"text-align: justify;\"><span style=\"font-weight: 400;\">El entorno digital potencia algunos derechos humanos, pero tambi\u00e9n restringe o afecta otros, as\u00ed como tambi\u00e9n enfrenta el ejercicio de derechos humanos, provocando colisiones da\u00f1inas para el desarrollo y la dignidad humana.<\/span><\/p>\n<p style=\"text-align: left;\"><span style=\"font-weight: 400;\">El objetivo de esta comisi\u00f3n ser\u00e1 analizar qu\u00e9 impactos causa la irrupci\u00f3n tecnol\u00f3gica en ciertos Derechos Humanos, tal como fueron consagrados y hoy son interpretados y ejercidos, a los fines de determinar si en esta sociedad de la informaci\u00f3n en la que estamos insertos, los mismos encuentran nuevas formas de ejercicio y goce o si, por el contrario, padecen nuevas vulneraciones que requieren ser abordadas en pos de su efectiva protecci\u00f3n, ya sea legislativamente o mediante nuevas interpretaciones jurisprudenciales de las normas jur\u00eddicas argentinas vigentes.<\/span><\/p>\n<p>&nbsp;<\/p>\n<p><span style=\"color: #333333;\"><a href=\"https:\/\/forms.gle\/DXGoxcjQPB2EDd5U9\">Formulario de inscripci\u00f3n<\/a> (por \u00fanica vez en el a\u00f1o)<\/span><\/td>\n<\/tr>\n<tr>\n<td>\n<h2><span style=\"font-size: 16px; font-weight: 400;\">EPISTEMOLOG\u00cdA Y ENSE\u00d1ANZA DEL DERECHO INFORM\u00c1TICO<\/span><\/h2>\n<p>Coordinador:\u00a0Abog. Mariano Dominguez<\/p>\n<p>D\u00eda y hora de reuni\u00f3n:<\/p>\n<p><span style=\"font-weight: 400;\">Es posible afirmar que el derecho es un fen\u00f3meno de car\u00e1cter social, que nace con la finalidad de regular las interacciones entre los sujetos y cuyo contenido est\u00e1 en constante evoluci\u00f3n. Dada esta caracter\u00edstica, es preciso su estudio permanente.\u00a0 Para ello, la dogm\u00e1tica jur\u00eddica tiende a dividirlo en ramas o materias, cada una de las cuales construye una autonom\u00eda funcional y de estudio con una justificaci\u00f3n epistemol\u00f3gica que las respalda.<\/span><\/p>\n<p><span style=\"font-weight: 400;\">Desde ADIAR comprendemos que el Derecho Inform\u00e1tico est\u00e1 evolucionando a tal punto que ya se ha conformado como una de estas ramas o materias aut\u00f3nomas del derecho.\u00a0<\/span><\/p>\n<p><span style=\"font-weight: 400;\">El objetivo de la \u201c comisi\u00f3n de epistemolog\u00eda y ense\u00f1anza del derecho Inform\u00e1tico\u201d es promover el estudio acerca de la justificaci\u00f3n epistemol\u00f3gica del derecho Inform\u00e1tico, su contenido, documentaci\u00f3n y metodolog\u00eda de ense\u00f1anza,\u00a0 como tambi\u00e9n impulsar la creaci\u00f3n de espacios de formaci\u00f3n dentro de las estructuras acad\u00e9micas universitarias tales como c\u00e1tedras regulares, optativas, ad hoc, seminarios, posgrados entre otros.<\/span><\/p>\n<p>&nbsp;<\/p>\n<p><span style=\"color: #333333;\"><a href=\"https:\/\/forms.gle\/DXGoxcjQPB2EDd5U9\">Formulario de inscripci\u00f3n<\/a> (por \u00fanica vez en el a\u00f1o)<\/span><\/td>\n<\/tr>\n<tr>\n<td>\n<h2><span style=\"font-size: 16px; font-weight: 400;\">INNOVACI\u00d3N Y DERECHO<\/span><\/h2>\n<p>Coordinador:<\/p>\n<p>Abog. Ismael Lofeudo<\/p>\n<p>D\u00eda y hora de reuni\u00f3n: 2do jueves de cada mes a las 15hs.<\/p>\n<p>&nbsp;<\/p>\n<p>La aparici\u00f3n y la masificaci\u00f3n de nuevas tecnolog\u00edas de alto impacto ponen sobre la mesa diversas discusiones no previstas, que requieren un an\u00e1lisis jur\u00eddico r\u00e1pido y efectivo de parte de los abogados especializados.<br \/>\nLa comisi\u00f3n de Innovaci\u00f3n y Derecho tiene como objetivo analizar y discutir las implicancias jur\u00eddicas de las nuevas tecnolog\u00edas que trascienden los \u00e1mbitos de experimentaci\u00f3n y comienzan a tener impacto real en personas, empresas y gobiernos.<\/p>\n<p>Algunas de ellas pueden ser las diversas aplicaciones de la Inteligencia Artificial, la tecnolog\u00eda Blockchain, los Smart Contracts, la impresi\u00f3n 3d. los sistemas de finanzas descentralizadas, los servicios digitales, el teletrabajo, y otras.<\/p>\n<p>Cronograma de reuniones:<\/p>\n<ul>\n<li>Criptomonedas y smart contracts &#8211; 11 de marzo 2021 &#8211; Expositor invitado: Abog. Fernando Branciforte<\/li>\n<li>Criptomonedas y smart contracts Parte II &#8211; 8 de abril de 2021<\/li>\n<li>Inteligencia artificial, implicancias legales &#8211; 13 de mayo de 2021 &#8211; Ing Fernando Maniglia<\/li>\n<li>Sistemas de reconocimiento facial y problemas jur\u00eddicos &#8211; 10 de junio de 2021 &#8211; Abogados especialistas de la ONG ODIA (Observatorio de Derecho Inform\u00e1tico de Argentina)<\/li>\n<\/ul>\n<p><a href=\"https:\/\/drive.google.com\/drive\/folders\/1UDTCOL3DZj27RTiwBRhT0N10sI2k-EXJ?usp=sharing\"><span style=\"color: #333333;\"><span style=\"color: #333333;\">Acceder a la biblioteca de la comisi\u00f3n<\/span><\/span><\/a><\/p>\n<p><span style=\"color: #333333;\"><a href=\"https:\/\/forms.gle\/DXGoxcjQPB2EDd5U9\">Formulario de inscripci\u00f3n<\/a> (por \u00fanica vez en el a\u00f1o)<\/span><\/td>\n<\/tr>\n<tr>\n<td>\n<h2><span style=\"font-size: 16px; font-weight: 400;\">TECNOLOG\u00cdAS Y DERECHO PENAL<\/span><\/h2>\n<p>Coordinadora: Ver\u00f3nica L\u00f3pez Uriburu<\/p>\n<p>D\u00eda y hora de reuni\u00f3n:<\/p>\n<p>En la actualidad, muchas de las conductas delictivas ya no ocurren en el mundo real, sino en el ciberespacio. La pandemia s\u00f3lo visibiliz\u00f3 algo que se ven\u00eda ya realizando, pero en menor medida. Son los llamados CIBERDELITOS, son los que atentan, por ejemplo, contra\u00a0el derecho a la intimidad, a la privacidad, son los que ponen en riesgo la informaci\u00f3n personal y la de las organizaciones, p\u00fablicas y privadas,\u00a0 y hasta la propia integridad f\u00edsica.<\/p>\n<p>Objetivos: Resulta imperativo desarrollar capacidades para lograr una utilizaci\u00f3n de Internet consciente de estos peligros. Proporcionar herramientas a los profesionales para poder brindar el asesoramiento correspondiente. Capacitar para poder difundir y as\u00ed Promover reales cambios en las legislaciones provinciales y nacionales.<\/p>\n<p>&nbsp;<\/p>\n<p><span style=\"color: #333333;\"><a href=\"https:\/\/forms.gle\/DXGoxcjQPB2EDd5U9\">Formulario de inscripci\u00f3n<\/a> (por \u00fanica vez en el a\u00f1o)<\/span><\/td>\n<\/tr>\n<\/tbody>\n<tbody>\n<tr>\n<td>\n<h2><span style=\"font-size: 16px; font-weight: 400;\">JUSTICIA DIGITAL<\/span><\/h2>\n<p>3er. Martes de cada mes 15 hs.<\/p>\n<p>Coordinadora: Abog. Ana Lambrecht<\/p>\n<p>La implementaci\u00f3n de las nuevas, y no tan nuevas, tecnolog\u00edas de la informaci\u00f3n y la comunicaci\u00f3n, ha jugado un rol esencial en la modernizaci\u00f3n y agilizaci\u00f3n procesos judiciales.<br \/>\nLa digitalizaci\u00f3n de la justicia ha sido un proceso que se ha dado paulatinamente, pero ha sido impulsado y desarrollado m\u00e1s intensamente en el \u00faltimo a\u00f1o.<br \/>\nEllo ha tra\u00eddo consigo inmumerables aristas legales que merecen ser estudiadas en profundidad. El prop\u00f3sito de esta comisi\u00f3n es, a trav\u00e9s del planteo de diversas tem\u00e1ticas, generar un espacio de discusi\u00f3n en referencia a cuestiones legales, t\u00e9cnicas y pr\u00e1cticas que surjan de la e-justicia.<\/p>\n<p>&nbsp;<\/p>\n<p>Temario propuesto para la Comisi\u00f3n:<\/p>\n<p>DIGITALIZACION DE PROCESOS JUDICIALES. DIVERSOS ESCENARIOS. EXPERIENCIA EN ARGENTIN A, LATINOAMERICA Y EUROPA.<\/p>\n<p>FIRMA ELECTRONICA.<\/p>\n<p>NOTIFICACIONES ELECTR\u00d3NICAS<\/p>\n<p>DOMICILIO ELECTRONICO UNICO\/UNIVERSAL<\/p>\n<p>EVIDENCIA DIGITAL. PROCEDIMIENTOS &#8211; JURISDICCION &#8211; EVIDENCIA ALMACENADA EN LA NUBE.<\/p>\n<p>PROTECCION DE PRIVACIDAD &#8211; DATOS PERSONALES &#8211; SEGURIDAD INFORMATICA.<\/p>\n<p>INTELIGENCIA ARTIFICIAL EN LAS DECISIONES JUDICIALES.<\/p>\n<p>&nbsp;<\/p>\n<p><span style=\"color: #333333;\"><a href=\"https:\/\/forms.gle\/DXGoxcjQPB2EDd5U9\">Formulario de inscripci\u00f3n<\/a> (por \u00fanica vez en el a\u00f1o)<\/span><\/td>\n<\/tr>\n<\/tbody>\n<\/table>\n","protected":false},"excerpt":{"rendered":"<p>Las comisiones de estudio son espacios en los cuales se abordan con mayor profundidad tem\u00e1ticas espec\u00edficas. El funcionamiento de las comisiones se encuentra regulado en el Reglamento de comisiones de estudio. &nbsp; &nbsp; Formulario de inscripci\u00f3n (por \u00fanica vez en el a\u00f1o) &nbsp; Las comisiones actualmente en actividad son las<span class=\"more-link\"><a href=\"https:\/\/www.adiar.com.ar\/index.php\/actividades-academicas\/comisiones-de-estudio\/\">Leer mas&#8230;<\/a><\/span><\/p>\n","protected":false},"author":1,"featured_media":2278,"parent":2303,"menu_order":3,"comment_status":"closed","ping_status":"closed","template":"","meta":{"_exactmetrics_skip_tracking":false,"_exactmetrics_sitenote_active":false,"_exactmetrics_sitenote_note":"","_exactmetrics_sitenote_category":0,"footnotes":""},"class_list":["entry","author-adiarorg","post-2528","page","type-page","status-publish","has-post-thumbnail"],"_links":{"self":[{"href":"https:\/\/www.adiar.com.ar\/index.php\/wp-json\/wp\/v2\/pages\/2528","targetHints":{"allow":["GET"]}}],"collection":[{"href":"https:\/\/www.adiar.com.ar\/index.php\/wp-json\/wp\/v2\/pages"}],"about":[{"href":"https:\/\/www.adiar.com.ar\/index.php\/wp-json\/wp\/v2\/types\/page"}],"author":[{"embeddable":true,"href":"https:\/\/www.adiar.com.ar\/index.php\/wp-json\/wp\/v2\/users\/1"}],"replies":[{"embeddable":true,"href":"https:\/\/www.adiar.com.ar\/index.php\/wp-json\/wp\/v2\/comments?post=2528"}],"version-history":[{"count":25,"href":"https:\/\/www.adiar.com.ar\/index.php\/wp-json\/wp\/v2\/pages\/2528\/revisions"}],"predecessor-version":[{"id":2643,"href":"https:\/\/www.adiar.com.ar\/index.php\/wp-json\/wp\/v2\/pages\/2528\/revisions\/2643"}],"up":[{"embeddable":true,"href":"https:\/\/www.adiar.com.ar\/index.php\/wp-json\/wp\/v2\/pages\/2303"}],"wp:featuredmedia":[{"embeddable":true,"href":"https:\/\/www.adiar.com.ar\/index.php\/wp-json\/wp\/v2\/media\/2278"}],"wp:attachment":[{"href":"https:\/\/www.adiar.com.ar\/index.php\/wp-json\/wp\/v2\/media?parent=2528"}],"curies":[{"name":"wp","href":"https:\/\/api.w.org\/{rel}","templated":true}]}}